{"id":27532,"date":"2026-03-04T17:16:21","date_gmt":"2026-03-04T15:16:21","guid":{"rendered":"https:\/\/phono.shop\/?post_type=prekes-zenklas&#038;p=27532"},"modified":"2026-03-04T17:17:48","modified_gmt":"2026-03-04T15:17:48","slug":"sabre-paris","status":"publish","type":"prekes-zenklas","link":"https:\/\/phono.shop\/en\/brand-2\/sabre-paris\/","title":{"rendered":"Sabre Paris"},"content":{"rendered":"<p>Sabre Paris \u2013 Pranc\u016bzijoje kuriamas stalo \u012franki\u0173 prek\u0117s \u017eenklas, jungiantis tradicin\u0119 bistro kult\u016br\u0105 su \u0161iuolaikiniu dizainu. Prek\u0117s \u017eenklas i\u0161siskiria dr\u0105siais spalv\u0173 deriniais, ai\u0161kiomis formomis ir kasdieniam naudojimui pritaikytais \u012frankiais, kurie kartu tampa ir stalo estetika. Sabre istorija prasid\u0117jo Pary\u017eiuje, kai dizaineriai Francis ir Pascal Gelb nusprend\u0117 sukurti stalo \u012frankius, kurie b\u016bt\u0173 ne tik funkcional\u016bs, bet ir tur\u0117t\u0173 charakter\u012f. J\u0173 po\u017ei\u016bris paprastas \u2013 stalo \u012frankiai neturi b\u016bti tik neutral\u016bs virtuv\u0117s objektai. Jie gali tapti stalo akcentu, atspind\u0117ti asmenin\u012f stili\u0173 ir kurti atmosfer\u0105 prie stalo. Bistrot kolekcija \u2013 viena \u017einomiausi\u0173 Sabre linij\u0173. Ji \u012fkv\u0117pta klasikini\u0173 Pranc\u016bzijos bistro, kur stalo \u012frankiai yra paprasti, patog\u016bs ir skirti kasdieniam naudojimui. Tai laikui nepavaldi forma, kuri vienodai nat\u016braliai atrodo tiek kasdien\u0117je vakarien\u0117je, tiek ilgesniame savaitgalio susib\u016brime. Phono kolekcijoje Sabre atsiranda kaip nat\u016bralus t\u0119sinys objekt\u0173, kurie kuria nam\u0173 ritm\u0105. Muzika, pokalbiai ir stalas da\u017enai gyvena tame pa\u010diame kambaryje \u2013 tod\u0117l \u0161alia plok\u0161teli\u0173, knyg\u0173 ir kit\u0173 kasdienyb\u0117s detali\u0173 atsiranda ir stalo \u012frankiai, sukurti naudoti ir m\u0117gautis. Sabre Paris \u2013 tai stalo kult\u016bra, kuri nesiekia b\u016bti formali, bet vertina ger\u0105 dizain\u0105 ir kasdienio naudojimo gro\u017e\u012f.<\/p>","protected":false},"featured_media":27533,"template":"","meta":{"_acf_changed":false,"footnotes":""},"class_list":["post-27532","prekes-zenklas","type-prekes-zenklas","status-publish","has-post-thumbnail","hentry"],"acf":[],"_links":{"self":[{"href":"https:\/\/phono.shop\/en\/wp-json\/wp\/v2\/prekes-zenklas\/27532","targetHints":{"allow":["GET"]}}],"collection":[{"href":"https:\/\/phono.shop\/en\/wp-json\/wp\/v2\/prekes-zenklas"}],"about":[{"href":"https:\/\/phono.shop\/en\/wp-json\/wp\/v2\/types\/prekes-zenklas"}],"version-history":[{"count":2,"href":"https:\/\/phono.shop\/en\/wp-json\/wp\/v2\/prekes-zenklas\/27532\/revisions"}],"predecessor-version":[{"id":27535,"href":"https:\/\/phono.shop\/en\/wp-json\/wp\/v2\/prekes-zenklas\/27532\/revisions\/27535"}],"wp:featuredmedia":[{"embeddable":true,"href":"https:\/\/phono.shop\/en\/wp-json\/wp\/v2\/media\/27533"}],"wp:attachment":[{"href":"https:\/\/phono.shop\/en\/wp-json\/wp\/v2\/media?parent=27532"}],"curies":[{"name":"wp","href":"https:\/\/api.w.org\/{rel}","templated":true}]}}